{"id":2298,"date":"2025-05-09T14:01:23","date_gmt":"2025-05-09T12:01:23","guid":{"rendered":"https:\/\/leguidedesmontres.com\/fr\/?page_id=2298"},"modified":"2025-07-23T09:14:33","modified_gmt":"2025-07-23T07:14:33","slug":"mentions-legales","status":"publish","type":"page","link":"https:\/\/leguidedesmontres.com\/fr\/mentions-legales\/","title":{"rendered":"Mentions l\u00e9gales"},"content":{"rendered":"<p>Conform\u00e9ment aux dispositions de la loi n\u00b02004-575 du 21 juin 2004 pour la Confiance en l\u2019\u00e9conomie num\u00e9rique, il est port\u00e9 \u00e0 la connaissance des utilisateurs et visiteurs, ci-apr\u00e8s l\u2019 \u00ab Utilisateur \u00bb, du site https:\/\/leguidedesmontres.com\/\u00a0, ci-apr\u00e8s le \u00ab Site \u00bb, les pr\u00e9sentes mentions l\u00e9gales.<\/p>\n<p>La connexion et la navigation sur le Site par l\u2019Utilisateur implique acceptation int\u00e9grale et sans r\u00e9serve des pr\u00e9sentes mentions l\u00e9gales.<\/p>\n<p>Ces derni\u00e8res sont accessibles sur le Site \u00e0 la rubrique \u00ab\u00a0Mentions l\u00e9gales\u00a0\u00bb.<\/p>\n<h3>R\u00c9ALISATION DU SITE<\/h3>\n<p>Conception et r\u00e9alisation : Agence web\u00a0<a href=\"http:\/\/french-horizon.fr\/\" target=\"_blank\" rel=\"noopener\">French Horizon<\/a><\/p>\n<h2>\u00c9DITION DU SITE<\/h2>\n<p>L\u2019\u00e9dition et la direction de la publication du Site est assur\u00e9e par GREGORY BLUMENFELD, dont l\u2019adresse e-mail est <span class=\"wpm_obfuscate\" style=\"display:flex;justify-content:flex-end;unicode-bidi:bidi-override;direction:rtl;\">moc.sertnomsedediugel<span style=\"display:none;\">wpm_obfuscate<\/span>&#64;tcatnoc<\/span><\/p>\n<h2>H\u00c9BERGEUR<\/h2>\n<p>Le Site est h\u00e9berg\u00e9 par la soci\u00e9t\u00e9 OVH. (contact : https:\/\/www.ovhcloud.com\/fr\/contact\/).<\/p>\n<h2>ACC\u00c8S AU SITE<\/h2>\n<p>Le Site est normalement accessible, \u00e0 tout moment, \u00e0 l\u2019Utilisateur. Toutefois, l\u2019\u00c9diteur pourra, \u00e0 tout moment, suspendre, limiter ou interrompre le Site afin de proc\u00e9der, notamment, \u00e0 des mises \u00e0 jour ou des modifications de son contenu. L\u2019\u00c9diteur ne pourra en aucun cas \u00eatre tenu responsable des cons\u00e9quences \u00e9ventuelles de cette indisponibilit\u00e9 sur les activit\u00e9s de l\u2019Utilisateur.<\/p>\n<h2>COLLECTE DES DONN\u00c9ES<\/h2>\n<p>Le Site assure \u00e0 l\u2019Utilisateur une collecte et un traitement des donn\u00e9es personnelles dans le respect de la vie priv\u00e9e conform\u00e9ment \u00e0 la loi n\u00b078-17 du 6 janvier 1978 relative \u00e0 l\u2019informatique, aux fichiers aux libert\u00e9s et dans le respect de la r\u00e8glementation applicable en mati\u00e8re de traitement des donn\u00e9es \u00e0 caract\u00e8re personnel conform\u00e9ment au r\u00e8glement (UE) 2016\/679 du Parlement europ\u00e9en et du Conseil du 27 avril 2016 (ci-apr\u00e8s, ensemble, la \u00ab\u00a0R\u00e8glementation applicable en mati\u00e8re de protection des Donn\u00e9es \u00e0 caract\u00e8re personnel\u00a0\u00bb).<\/p>\n<p>En vertu de la R\u00e8glementation applicable en mati\u00e8re de protection des Donn\u00e9es \u00e0 caract\u00e8re personnel, l\u2019Utilisateur dispose d\u2019un droit d\u2019acc\u00e8s, de rectification, de suppression et d\u2019opposition de ses donn\u00e9es personnelles.<\/p>\n<p>L\u2019Utilisateur peut exercer ce droit :<\/p>\n<p>\u2022 par mail \u00e0 l\u2019adresse email <span class=\"wpm_obfuscate\" style=\"display:flex;justify-content:flex-end;unicode-bidi:bidi-override;direction:rtl;\">moc.sertnomsedediugel<span style=\"display:none;\">wpm_obfuscate<\/span>&#64;tcatnoc<\/span><\/p>\n<p>\u2022 depuis le formulaire de contact ;<\/p>\n<p>Toute utilisation, reproduction, diffusion, commercialisation, modification de toute ou partie du Site, sans autorisation expresse de l\u2019Editeur est prohib\u00e9e et pourra entra\u00eener des actions et poursuites judiciaires telles que pr\u00e9vues par la r\u00e8glementation en vigueur.<\/p>\n<p>Pour plus d\u2019informations en mati\u00e8re de protection des donn\u00e9es \u00e0 caract\u00e8re personnel, se reporter \u00e0 la Charte en mati\u00e8re de protection des donn\u00e9es \u00e0 caract\u00e8re personnel du site esopassion.com accessible depuis la rubrique <a href=\"https:\/\/leguidedesmontres.com\/fr\/politique-de-confidentialite\/\">Politique de confidentialit\u00e9<\/a><\/p>\n","protected":false},"excerpt":{"rendered":"<p>Conform\u00e9ment aux dispositions de la loi n\u00b02004-575 du 21 juin 2004 pour la Confiance en l\u2019\u00e9conomie num\u00e9rique, il est port\u00e9<\/p>\n","protected":false},"author":1,"featured_media":0,"parent":0,"menu_order":0,"comment_status":"closed","ping_status":"closed","template":"elementor_header_footer","meta":{"_acf_changed":false,"footnotes":""},"class_list":["post-2298","page","type-page","status-publish","hentry"],"acf":[],"_links":{"self":[{"href":"https:\/\/leguidedesmontres.com\/fr\/wp-json\/wp\/v2\/pages\/2298","targetHints":{"allow":["GET"]}}],"collection":[{"href":"https:\/\/leguidedesmontres.com\/fr\/wp-json\/wp\/v2\/pages"}],"about":[{"href":"https:\/\/leguidedesmontres.com\/fr\/wp-json\/wp\/v2\/types\/page"}],"author":[{"embeddable":true,"href":"https:\/\/leguidedesmontres.com\/fr\/wp-json\/wp\/v2\/users\/1"}],"replies":[{"embeddable":true,"href":"https:\/\/leguidedesmontres.com\/fr\/wp-json\/wp\/v2\/comments?post=2298"}],"version-history":[{"count":2,"href":"https:\/\/leguidedesmontres.com\/fr\/wp-json\/wp\/v2\/pages\/2298\/revisions"}],"predecessor-version":[{"id":18702,"href":"https:\/\/leguidedesmontres.com\/fr\/wp-json\/wp\/v2\/pages\/2298\/revisions\/18702"}],"wp:attachment":[{"href":"https:\/\/leguidedesmontres.com\/fr\/wp-json\/wp\/v2\/media?parent=2298"}],"curies":[{"name":"wp","href":"https:\/\/api.w.org\/{rel}","templated":true}]}}